{"id":141,"date":"2016-07-19T14:13:36","date_gmt":"2016-07-19T12:13:36","guid":{"rendered":"http:\/\/przyjaznadolinaraby.info\/2014-2020\/?page_id=141"},"modified":"2022-09-13T23:47:14","modified_gmt":"2022-09-13T21:47:14","slug":"imprezy","status":"publish","type":"page","link":"https:\/\/przyjaznadolinaraby.info\/2014-2020\/aktywizacja\/imprezy\/","title":{"rendered":"Imprezy"},"content":{"rendered":"<p><strong>FESTYNY I IMPREZY 2019<\/strong><\/p>\n<p><strong>XXI Gminne Do\u017cynki \u2013 \u015awi\u0119to Chleba,09.09.2019, Lipnica Wielka.<\/strong><\/p>\n<p>Gospodarzem tegorocznych do\u017cynek by\u0142o So\u0142ectwo Przywar\u00f3wka, a organizatorami W\u00f3jt Gminy Lipnica Wielka Mateusz Lichosyt, So\u0142tys So\u0142ectwa Przywar\u00f3wka J\u00f3zef Karkoszka wraz z Rad\u0105 So\u0142eck\u0105 oraz Gminne Centrum Kultury w Lipnicy Wielkiej i Stowarzyszenie Przyjazna Dolina Raby i Czarnej Orawy. W programie artystycznym na scenie kolejno prezentowali si\u0119: Stra\u017cacka Orkiestra D\u0119ta z Lipnicy Wielkiej pod kierownictwem \u0141ukasza Bandyka, Szko\u0142a Podstawowa Nr 4 w Przywar\u00f3wce z programem do\u017cynkowym przygotowanym pod okiem nauczycielek: Anieli Lach, Lucyny \u0141owas i Beaty Rudnickiej, Muzyka i Zesp\u00f3\u0142 Orawianie im. Her\u00f3dka z Przywar\u00f3wki pod kierownictwem Eugeniusza Karkoszki, Art-Cinema z programem zabaw i animacji dzieci\u0119cych, a na koniec zabawa z Zespo\u0142em Zwyk. Przeprowadzono r\u00f3wnie\u017c szereg konkurs\u00f3w dodatkowych: na najsmaczniejsze wypieki domowe, na najlepsze wyroby z sera, na najlepsz\u0105 nalewk\u0119 oraz bukiety kwiatowo-zielne.<\/p>\n<p><a href=\"http:\/\/przyjaznadolinaraby.info\/2014-2020\/aktywizacja\/imprezy\/lipnica-1\/\"><img decoding=\"async\" src=\"http:\/\/przyjaznadolinaraby.info\/2014-2020\/wp-content\/uploads\/2019\/10\/lipnica-1-300x200.jpg\" \/><\/a><\/p>\n<p><a href=\"http:\/\/przyjaznadolinaraby.info\/2014-2020\/aktywizacja\/imprezy\/lipnica-2\/\"><img decoding=\"async\" src=\"http:\/\/przyjaznadolinaraby.info\/2014-2020\/wp-content\/uploads\/2019\/10\/lipnica-2-300x200.jpg\" \/><\/a><\/p>\n<p><strong>XXVII Gminne Do\u017cynki, 01.09.2019, Jab\u0142onka<\/strong><\/p>\n<p>Barwny korow\u00f3d pi\u0119knie przystrojonych woz\u00f3w do\u017cynkowych wyruszy\u0142 spod urz\u0119du gminy do Lipnicy Ma\u0142ej, kt\u00f3ra by\u0142a gospodarzem XXVII Gminnych Do\u017cynek. Grupom do\u017cynkowym towarzyszy\u0142a niesamowita energia, rado\u015b\u0107 i \u015bpiew. Kolejna cz\u0119\u015b\u0107 uroczysto\u015bci mia\u0142a miejsce na polanie Polenica pod Babi\u0105 G\u00f3r\u0105.\u00a0Tradycyjnym elementem do\u017cynkowych uroczysto\u015bci by\u0142a cz\u0119\u015b\u0107 konkursowa. Na scenie odby\u0142a si\u0119 prezentacja grup do\u017cynkowych oraz wie\u0144c\u00f3w przygotowanych z plon\u00f3w orawskiej ziemi: ziaren, k\u0142os\u00f3w, zi\u00f3\u0142, polnych kwiat\u00f3w, owoc\u00f3w oraz warzyw. W cz\u0119\u015bci artystycznej Lipnica Ma\u0142a po raz kolejny udowodni\u0142a, \u017ce ma wyj\u0105tkowo du\u017co utalentowanych muzycznie mieszka\u0144c\u00f3w. Zaprezentowa\u0142y si\u0119 nast\u0119puj\u0105ce grupy dzia\u0142aj\u0105ce w Lipnicy Ma\u0142ej: Orkiestra D\u0119ta OSP Lipnica Ma\u0142a, Ma\u0142olipnicka Rodzina Kolpinga oraz Ma\u0142olipnicanie. Chwytaj\u0105cym za serce momentem by\u0142 wsp\u00f3lny koncert Andrzeja Dziubka lidera zespo\u0142u De Press i zespo\u0142u Ma\u0142olipnicanie.<\/p>\n<p><a href=\"http:\/\/przyjaznadolinaraby.info\/2014-2020\/aktywizacja\/imprezy\/1-jablonka\/\"><img decoding=\"async\" src=\"http:\/\/przyjaznadolinaraby.info\/2014-2020\/wp-content\/uploads\/2019\/10\/1-jab\u0142onka-300x200.jpg\" \/><\/a><\/p>\n<p><a href=\"http:\/\/przyjaznadolinaraby.info\/2014-2020\/aktywizacja\/imprezy\/2-jablonka\/\"><img decoding=\"async\" src=\"http:\/\/przyjaznadolinaraby.info\/2014-2020\/wp-content\/uploads\/2019\/10\/2-jab\u0142onka-300x200.jpg\" \/><\/a><\/p>\n<p><strong>W niedziel\u0119 04.08.2019 na boisku przy Zespole Szk\u00f3\u0142 w Skawie odby\u0142o si\u0119 VIII \u015awi\u0119to Bobu<\/strong><\/p>\n<p>Jak co roku w Skawie odby\u0142o si\u0119 \u015awi\u0119to Bobu organizowane przez Stowarzyszenie Inicjatyw Obywatelskich E7 oraz Stowarzyszenie Przyjazna Dolina Raby i Czarnej Orawy, OSP w Skawie . Na scenie odby\u0142y si\u0119 wyst\u0119py M\u0142odzie\u017cowej Orkiestry D\u0119tej OSP Skawa, zespo\u0142u Powicher ze Skawy i grupy tanecznej. Odby\u0142 pokaz szko\u0142y walki Kingi Sm\u00f3\u0142ki, wybory Kr\u00f3lowej i Kr\u00f3la Bobu i mecz towarzyski.<\/p>\n<p><a href=\"http:\/\/przyjaznadolinaraby.info\/2014-2020\/aktywizacja\/imprezy\/skawa-1\/\"><img decoding=\"async\" src=\"http:\/\/przyjaznadolinaraby.info\/2014-2020\/wp-content\/uploads\/2019\/10\/skawa-1-300x200.jpg\" \/><\/a><\/p>\n<p><a href=\"http:\/\/przyjaznadolinaraby.info\/2014-2020\/aktywizacja\/imprezy\/skawa-2\/\"><img decoding=\"async\" src=\"http:\/\/przyjaznadolinaraby.info\/2014-2020\/wp-content\/uploads\/2019\/10\/skawa-2-300x200.jpg\" \/><\/a><\/p>\n<p><strong>So\u0142ecki Festyn Rodzinny, Raba Wy\u017cna, 15.07.2018<\/strong><\/p>\n<p>W dniu 01.07.52018 w Rabie Wy\u017cnej odby\u0142 si\u0119 Festyn Rodzinny organizowany przez So\u0142ectwo Raba Wy\u017cna OSP Raba Wy\u017cna oraz Stowarzyszenie Przyjazna Dolina Raby i Czarnej Orawy. W ramach festynu mo\u017cna by\u0142o ogl\u0105da\u0107 wyst\u0119py zespo\u0142u regionalnego Rabia\u0144ska \u015aleboda i Ma\u0142olipnicanie, wyst\u0119p iluzjonisty, oraz kabaretu z Gliczarowa Dolnego. Wieczorem za\u015b mo\u017cna by\u0142o zata\u0144czy\u0107 przy d\u017awi\u0119kach zespo\u0142u \u201e\u015apasy\u201d.<\/p>\n<p><a href=\"http:\/\/przyjaznadolinaraby.info\/2014-2020\/aktywizacja\/imprezy\/raba-wyzna-1\/\"><img decoding=\"async\" src=\"http:\/\/przyjaznadolinaraby.info\/2014-2020\/wp-content\/uploads\/2019\/10\/raba-wyzna-1-e1571814947732-300x225.jpg\" \/><\/a><\/p>\n<p><a href=\"http:\/\/przyjaznadolinaraby.info\/2014-2020\/aktywizacja\/imprezy\/raba-wyzna-2\/\"><img decoding=\"async\" src=\"http:\/\/przyjaznadolinaraby.info\/2014-2020\/wp-content\/uploads\/2019\/10\/raba-wyzna-2-e1571814975592-300x225.jpg\" \/><\/a><\/p>\n<p><strong>Festyn Rodzinny, 07.07.2019, Bielanka<\/strong><\/p>\n<p>W dniu 07.07.2017. odby\u0142 si\u0119 Festyn Rodzinny organizowany przez OSP w Bielance oraz Stowarzyszenie Przyjazna Dolina Raby i Czarnej Orawy. To ju\u017c tradycja, \u017ce pocz\u0105tkiem lipca w Bielance organizowany jest przez miejscowych stra\u017cak\u00f3w Festyn Rodzinny \u2013 impreza plenerowa pe\u0142na trakcji, przyci\u0105gaj\u0105ca wielu uczestnik\u00f3w z Bielanki i okolic. Tak te\u017c by\u0142o w tym roku. Druhowie przygotowali liczne gry, zabawy i konkursy z nagrodami dla dzieci, m\u0142odzie\u017cy i doros\u0142ych. Na scenie zaprezentowa\u0142y si\u0119 Orkiestra D\u0119ta z \u0141apsz Ni\u017cnych, grupa taneczna \u201cFresh Crew\u201d z Jordanowa, a tak\u017ce znany i popularny kabaret g\u00f3ralski \u201cTrute\u0144\u201d. Dzieci zabawia\u0142y animatorki \u201cEnce Pence\u201d. Na zako\u0144czenie odby\u0142a si\u0119 zabawa taneczna przy muzyce zespo\u0142u \u201cJanczary\u201d.<\/p>\n<p><a href=\"http:\/\/przyjaznadolinaraby.info\/2014-2020\/aktywizacja\/imprezy\/1-20\/\"><img decoding=\"async\" src=\"http:\/\/przyjaznadolinaraby.info\/2014-2020\/wp-content\/uploads\/2019\/10\/1-300x201.jpg\" \/><\/a><\/p>\n<p><a href=\"http:\/\/przyjaznadolinaraby.info\/2014-2020\/aktywizacja\/imprezy\/2-17\/\"><img decoding=\"async\" src=\"http:\/\/przyjaznadolinaraby.info\/2014-2020\/wp-content\/uploads\/2019\/10\/2-300x201.jpg\" \/><\/a><\/p>\n<p><strong>Festyn Sportowy, 01.07.2018, Rokiciny Podhala\u0144skie<\/strong><\/p>\n<p>Klub Sportowy<em> Szarotka<\/em> wraz z <em>Stowarzyszeniem Przyjazna Dolina Raby i Czarnej Orawy<\/em> w Rokicinach Podhala\u0144skich zorganizowa\u0142 w dniu 01.07.2018 festyn sportowy z okazji 50 -lecia Klubu Szarotka. W programie imprezy znalaz\u0142y si\u0119 takie atrakcje jak wyst\u0119p animator\u00f3w , zabawa taneczna , wyst\u0119p kabaretu trute\u0144.<\/p>\n<p><a href=\"http:\/\/przyjaznadolinaraby.info\/2014-2020\/aktywizacja\/imprezy\/dsc_0650-1\/\"><img decoding=\"async\" src=\"http:\/\/przyjaznadolinaraby.info\/2014-2020\/wp-content\/uploads\/2019\/10\/DSC_0650-1-300x199.jpg\" \/><\/a><\/p>\n<p><a href=\"http:\/\/przyjaznadolinaraby.info\/2014-2020\/aktywizacja\/imprezy\/dsc_0743-1\/\"><img decoding=\"async\" src=\"http:\/\/przyjaznadolinaraby.info\/2014-2020\/wp-content\/uploads\/2019\/10\/DSC_0743-1-300x199.jpg\" \/><\/a><\/p>\n<p><strong>Festyn Rodzinny, 16.06.2019, Podsarnie<\/strong><\/p>\n<p>W dniu 16.06.2019 odby\u0142 si\u0119 Festyn organizowany przez Stowarzyszenie Orawianki w Podsarniu oraz Stowarzyszenie Przyjazna Dolina Raby i Czarnej Orawy. G\u0142\u00f3wnymi atrakcjami dla mieszka\u0144c\u00f3w by\u0142y konkursy, zabawy i dmucha\u0144ce, degustacja potraw regionalnych i wyst\u0119py zespo\u0142\u00f3w regionalnych. Podczas imprezy dzieci i doro\u015bli mogli zapozna\u0107 si\u0119 z efektami dzia\u0142ania LGD o kt\u00f3rych opowiadali animatorzy i konferansjer.<\/p>\n<p><a href=\"http:\/\/przyjaznadolinaraby.info\/2014-2020\/aktywizacja\/imprezy\/image2-jpeg\/\"><img decoding=\"async\" src=\"http:\/\/przyjaznadolinaraby.info\/2014-2020\/wp-content\/uploads\/2019\/10\/image2.jpeg-300x225.jpg\" \/><\/a><\/p>\n<p><a href=\"http:\/\/przyjaznadolinaraby.info\/2014-2020\/aktywizacja\/imprezy\/image11\/\"><img decoding=\"async\" src=\"http:\/\/przyjaznadolinaraby.info\/2014-2020\/wp-content\/uploads\/2019\/10\/image11-300x180.jpeg\" \/><\/a><\/p>\n<p><strong>20 lecie gminy Spytkowice, 3.06.2019, Spytkowie<\/strong><\/p>\n<p>3 czerwca 2018 roku Gmina Spytkowice obchodzi\u0142a pi\u0119kny jubileusz. Organizatorami tego wielkiego wydarzenia byli w\u00f3jt gminy Spytkowice Pan Ryszard Papanek wraz z Rad\u0105 gminy Spytkowice oraz Gminne Centrum Kultury z wsparciem Stowarzyszenia Przyjazna Dolina Raby i Czarnej Orawy. Obchody tego wyj\u0105tkowego jubileuszu rozpocz\u0119\u0142a uroczysta msza \u015bw., na kt\u00f3r\u0105 licznie przybyli zaproszeni go\u015bcie, przedstawiciele w\u0142adz oraz delegacje gmin partnerskich, poczty sztandarowe, zespo\u0142y regionalne oraz orkiestra d\u0119ta Ochotniczej Stra\u017cy Po\u017carnej w Spytkowicach.\u00a0 Du\u017ce zainteresowanie w\u015br\u00f3d mieszka\u0144c\u00f3w i go\u015bci wywo\u0142a\u0142a fotobudka, w kt\u00f3rej mo\u017cna by\u0142o wykona\u0107 i otrzyma\u0107 bezp\u0142atn\u0105 poczt\u00f3wk\u0119 Spytkowic ze swym zabawnym wizerunkiem. Wszyscy uczestnicy festynu mogli skosztowa\u0107 bigos, dro\u017cd\u017c\u00f3wk\u0119 i chleb ze smalcem. Pocz\u0119stunek przygotowany zosta\u0142 przez Gospodynie ze Spytkowic. Ponadto ka\u017cdy otrzymywa\u0142 drobne upominki, w tym lizaki, d\u0142ugopisy i breloczki. Degustacja potraw regionalnych oraz upominki ufundowane zosta\u0142y przez Urz\u0105d Gminy Spytkowice, a nad ca\u0142o\u015bci\u0105 czuwa\u0142a pr\u0119\u017cnie dzia\u0142aj\u0105ca Rada Gminy Spytkowice. Zaproszonym go\u015bciom wr\u0119czono r\u00f3wnie\u017c specjalnie przygotowany z okazji 20-lecia Gminy Spytkowice folder oraz drobne upominki nawi\u0105zuj\u0105ce do tego wydarzenia. <a href=\"http:\/\/przyjaznadolinaraby.info\/2014-2020\/aktywizacja\/imprezy\/4fbc7a7e1e142472c565727621945e26\/\"><img decoding=\"async\" src=\"http:\/\/przyjaznadolinaraby.info\/2014-2020\/wp-content\/uploads\/2019\/10\/4fbc7a7e1e142472c565727621945e26-300x200.jpg\" \/><\/a><\/p>\n<p><a href=\"http:\/\/przyjaznadolinaraby.info\/2014-2020\/aktywizacja\/imprezy\/28504ceb6edf62abc27d7febc4873bd6\/\"><img decoding=\"async\" src=\"http:\/\/przyjaznadolinaraby.info\/2014-2020\/wp-content\/uploads\/2019\/10\/28504ceb6edf62abc27d7febc4873bd6-300x200.jpg\" \/><\/a><\/p>\n<p><strong>Rodzinny Festyn Sportowy, 08.06.2019, Ponice<\/strong><\/p>\n<p>W sobot\u0119 <strong>08 czerwca 2019r<\/strong>. odby\u0142 si\u0119 Rodzinny Festyn Sportowy\u00a0 w Ponicach zorganizowany przez Stowarzyszenie \u201e Poni\u2026ce do k\u0142\u0119bka\u201d oraz Stowarzyszenie Przyjazna Dolina Raby i Czarnej Orawy. Bogaty program festynu, kt\u00f3ry odby\u0142 si\u0119 na przeuroczych terenach zielonych szko\u0142y zwanych stref\u0105 rekreacji, wype\u0142ni\u0142y nie tylko imprezy posiadaj\u0105ce wieloletni\u0105 tradycj\u0119, jak XVI Puchar Ponic w Pi\u0142ce No\u017cnej, VI Bieg Wolno\u015bci, mecz pi\u0142ki no\u017cnej Rodzice \u2013 Dzieci, czy te\u017c V Edycja akcji \u201ePieszo i rowerem do szko\u0142y\u201d ale tak\u017ce pokazy ta\u0144ca towarzyskiego i gimnastyki sportowej w wykonaniu uczni\u00f3w ponickiej szko\u0142y. By\u0142y animacje dla dzieci- na poczekaniu czarowano wszystkie dzieci przedziwnymi stworami wykonywanymi ze zwyk\u0142ych balonik\u00f3w, a by\u0142o darmowe malowanie twarzy. Po raz drugi przyznano tak\u017ce puchar dla rodziny najbardziej aktywnej sportowo. Ca\u0142y czas czynny by\u0142 bufet, w kt\u00f3rym Rada Rodzic\u00f3w serwowa\u0142a napoje, s\u0142odycze i potrawy prosto z ogniska. Imprez\u0119 zako\u0144czy\u0142 wieczorny koncert zespo\u0142u Tryptyk, graj\u0105cego ciekaw\u0105 odmian\u0119 muzyki etno \u2013 folk.<\/p>\n<p><a href=\"http:\/\/przyjaznadolinaraby.info\/2014-2020\/aktywizacja\/imprezy\/1-23\/\"><img decoding=\"async\" src=\"http:\/\/przyjaznadolinaraby.info\/2014-2020\/wp-content\/uploads\/2019\/11\/1-300x200.jpg\" \/><\/a><\/p>\n<p><a href=\"http:\/\/przyjaznadolinaraby.info\/2014-2020\/aktywizacja\/imprezy\/2-18\/\"><img decoding=\"async\" src=\"http:\/\/przyjaznadolinaraby.info\/2014-2020\/wp-content\/uploads\/2019\/11\/2-300x200.jpg\" \/><\/a><\/p>\n<p><strong>FESTYNY I IMPREZY\u00a02018<\/strong><\/p>\n<p><strong>\u00a0VII \u015awi\u0119to Bobu, 05.08.2018, Skawa<\/strong><\/p>\n<p>Pocz\u0105tek imprezy popsu\u0142a nieco pogoda. Nad Skaw\u0119 nadci\u0105gn\u0119\u0142a burza z ulew\u0105, kt\u00f3ra pokropi\u0142a wszystko i wszystkich. Ale potem by\u0142o ju\u017c tylko lepiej. Oczywi\u015bcie, na pocz\u0105tek odby\u0142a si\u0119 degustacja potraw i przek\u0105sek z bobu, przygotowanych przez miejscowe gospodynie.Na scenie odby\u0142y si\u0119 wyst\u0119py M\u0142odzie\u017cowej Orkiestry D\u0119tej OSP Skawa, zespo\u0142u Powicher ze Skawy i grupy tanecznej Fresh Crew. Odby\u0142 pokaz szko\u0142y walki Kingi Sm\u00f3\u0142ki, wybory Kr\u00f3lowej i Kr\u00f3la Bobu i mecz towarzyski. Kr\u00f3low\u0105 zosta\u0142a Kinga Ozimek, a kr\u00f3lem Kacper Rzepka.Mieszka\u0144cy Skawy ch\u0119tnie brali udzia\u0142 w zorganizowanych konkursach m.in. rzutu opon\u0105, do celu czy pi\u0142owania drewna. Gwiazd\u0105 wieczoru by\u0142 zesp\u00f3\u0142 Skaldowie.<\/p>\n<p><a href=\"http:\/\/przyjaznadolinaraby.info\/2014-2020\/aktywizacja\/imprezy\/skawa2018-1\/\"><img decoding=\"async\" src=\"http:\/\/przyjaznadolinaraby.info\/2014-2020\/wp-content\/uploads\/2018\/08\/skawa2018-1-300x200.jpg\" \/><\/a><\/p>\n<p><a href=\"http:\/\/przyjaznadolinaraby.info\/2014-2020\/aktywizacja\/imprezy\/skawa2018\/\"><img decoding=\"async\" src=\"http:\/\/przyjaznadolinaraby.info\/2014-2020\/wp-content\/uploads\/2018\/08\/skawa2018-300x200.jpg\" \/><\/a><strong>\u00a0<\/strong><\/p>\n<p><strong>Festyn Rodzinny, 22.07.2018, Podsarnie<\/strong><strong>\u00a0<\/strong><\/p>\n<p>W dniu 22.07.2018 odby\u0142 si\u0119 Festyn organizowany przez Stowarzyszenie Orawianki w Podsarniu oraz Stowarzyszenie Przyjazna Dolina Raby i Czarnej Orawy. G\u0142\u00f3wnymi atrakcjami dla mieszka\u0144c\u00f3w by\u0142y konkursy, zabawy i dmucha\u0144ce, degustacja potraw regionalnych i wyst\u0119py zespo\u0142\u00f3w regionalnych.<\/p>\n<p>Podczas imprezy dzieci i doro\u015bli mogli zapozna\u0107 si\u0119 z efektami dzia\u0142ania LGD o kt\u00f3rych opowiadali animatorzy i konferansjer.<\/p>\n<p><a href=\"http:\/\/przyjaznadolinaraby.info\/2014-2020\/aktywizacja\/imprezy\/podsarnie2\/\"><img decoding=\"async\" src=\"http:\/\/przyjaznadolinaraby.info\/2014-2020\/wp-content\/uploads\/2018\/08\/Podsarnie2.jpg\" \/><\/a><\/p>\n<p><a href=\"http:\/\/przyjaznadolinaraby.info\/2014-2020\/aktywizacja\/imprezy\/podsarnie-1\/\"><img decoding=\"async\" src=\"http:\/\/przyjaznadolinaraby.info\/2014-2020\/wp-content\/uploads\/2018\/08\/Podsarnie-1.jpg\" \/><\/a><\/p>\n<p><strong>So\u0142ecki Festyn Rodzinny\u00a0 Raba Wy\u017cna 15.07.2018<\/strong><strong>\u00a0<\/strong><\/p>\n<p>W dniu 15.07.52018 w Rabie Wy\u017cnej odby\u0142 si\u0119 Festyn Rodzinny organizowany przez So\u0142ectwo Raba Wy\u017cna OSP Raba Wy\u017cna oraz Stowarzyszenie Przyjazna Dolina Raby i Czarnej Orawy. W ramach festynu mo\u017cna by\u0142o ogl\u0105da\u0107 wyst\u0119py zespo\u0142u regionalnego Rabia\u0144ska \u015aleboda i Ma\u0142olipnicanie,\u00a0 wyst\u0119p iluzjonisty, oraz kabaretu z Gliczarowa Dolnego. Wieczorem za\u015b mo\u017cna by\u0142o\u00a0 zata\u0144czy\u0107 przy d\u017awi\u0119kach zespo\u0142u \u201e\u015apasy\u201d.<\/p>\n<p><a href=\"http:\/\/przyjaznadolinaraby.info\/2014-2020\/aktywizacja\/imprezy\/1-17\/\"><img decoding=\"async\" src=\"http:\/\/przyjaznadolinaraby.info\/2014-2020\/wp-content\/uploads\/2018\/07\/1-e1532418750363-300x225.jpg\" \/><\/a><\/p>\n<p><a href=\"http:\/\/przyjaznadolinaraby.info\/2014-2020\/aktywizacja\/imprezy\/2-15\/\"><img decoding=\"async\" src=\"http:\/\/przyjaznadolinaraby.info\/2014-2020\/wp-content\/uploads\/2018\/07\/2-e1532418796532-300x225.jpg\" \/><\/a><\/p>\n<p><strong>Festyn Rodzinny 08.07.2018 Bielanka<\/strong><strong>\u00a0<\/strong><\/p>\n<p>W dniu 08.07.2017. odby\u0142 si\u0119 Festyn Rodzinny \u00a0organizowany przez OSP w Bielance oraz Stowarzyszenie Przyjazna Dolina Raby i Czarnej Orawy. G\u0142\u00f3wnymi atrakcjami dla mieszka\u0144c\u00f3w by\u0142y konkursy, i zabawy, dmucha\u0144ce, degustacja potraw regionalnych i wyst\u0119py zespo\u0142\u00f3w regionalnych. Imprez\u0119 mo\u017cna zaliczy\u0107 do bardzo udanych, czego najlepszym dowodem s\u0105 wspomnienia szcz\u0119\u015bliwych, u\u015bmiechni\u0119tych twarzy dzieci. Podczas imprezy dzieci i doro\u015bli mogli zapozna\u0107 si\u0119 z efektami dzia\u0142ania LGD o kt\u00f3rych opowiadali animatorzy i konferansjer.<\/p>\n<p><a href=\"http:\/\/przyjaznadolinaraby.info\/2014-2020\/aktywizacja\/imprezy\/bielanka-2\/\"><img decoding=\"async\" src=\"http:\/\/przyjaznadolinaraby.info\/2014-2020\/wp-content\/uploads\/2018\/07\/bielanka.png\" \/><\/a><\/p>\n<p><strong>Festyn Sportowy w Rokicinach Podhala\u0144skich-01.07.2018<\/strong><\/p>\n<p>Klub Sportowy<em> Szarotka<\/em><strong> w<\/strong>raz z Stowarzyszeniem Przyjazna Dolina Raby i Czarnej Orawy w Rokicinach Podhala\u0144skich zorganizowa\u0142 w dniu 01.07.2018 festyn sportowy z okazji 50 -lecia Klubu Szarotka. W programie imprezy znalaz\u0142y si\u0119 takie atrakcje jak wyst\u0119p animator\u00f3w , zabawa taneczna , wyst\u0119p kabaretu trute\u0144.<\/p>\n<p><a href=\"http:\/\/przyjaznadolinaraby.info\/2014-2020\/aktywizacja\/imprezy\/rokiciny-2\/\"><img decoding=\"async\" src=\"http:\/\/przyjaznadolinaraby.info\/2014-2020\/wp-content\/uploads\/2018\/07\/rokiciny.png\" \/><\/a><\/p>\n<p><strong>Rodzinny Festyn Sportowy\u00a0 w Ponicach-09.06.2018r.<\/strong><\/p>\n<p>W sobot\u0119 <strong>09 czerwca 2018r<\/strong>. odby\u0142 si\u0119 Rodzinny Festyn Sportowy\u00a0 w Ponicach zorganizowany przez Stowarzyszenie \u201e Poni\u2026ce do k\u0142\u0119bka\u201d oraz Stowarzyszenie Przyjazna Dolina Raby i Czarnej Orawy. Bogaty ty program festynu wype\u0142ni\u0142y nie tylko imprezy posiadaj\u0105ce wieloletni\u0105 tradycj\u0119, jak:\u00a0XV Puchar Ponic w Pi\u0142ce No\u017cnej,\u00a0V Bieg Wolno\u015bci,\u00a0mecz pi\u0142ki no\u017cnej\u00a0Rodzice \u2013 Dzieci,\u00a0 czy te\u017c IV Edycja akcji\u00a0\u201ePieszo i rowerem do szko\u0142y\u201d\u00a0ale tak\u017ce pokazy ta\u0144ca towarzyskiego, akrobatyki sportowej i baletu w wykonaniu uczni\u00f3w ponickiej szko\u0142y. Dodatkowych atrakcji dostarczyli\u00a0animatorzy\u00a0z agencji ART CINEMA, a przerwy w rozgrywkach Pucharu Ponic wype\u0142nia\u0142y pokazy szkolnej grupy tanecznej i konkursy wykonywania rzut\u00f3w karnych. Po raz pierwszy przyznano tak\u017ce\u00a0puchar dla rodziny\u00a0najbardziej aktywnej sportowo. Dla uczestnik\u00f3w imprezy przygotowano pyszny pocz\u0119stunek- potrawy prosto z ogniska, napoje, dro\u017cd\u017c\u00f3wki itp.<\/p>\n<p><a href=\"http:\/\/przyjaznadolinaraby.info\/2014-2020\/aktywizacja\/imprezy\/ponice-2\/\"><img decoding=\"async\" src=\"http:\/\/przyjaznadolinaraby.info\/2014-2020\/wp-content\/uploads\/2018\/07\/ponice.png\" \/><\/a><\/p>\n<p><strong>20 lecie gminy Spytkowice- 3.06.2018r<\/strong><\/p>\n<p>3 czerwca 2018 roku Gmina Spytkowice obchodzi\u0142a pi\u0119kny jubileusz- 20 lat istnienia naszej ma\u0142ej ojczyzny, kt\u00f3r\u0105 tworzyli i tworz\u0105 do tej pory wszyscy mieszka\u0144cy. Organizatorami tego wielkiego wydarzenia byli w\u00f3jt gminy Spytkowice Pan Ryszard Papanek wraz z Rad\u0105 gminy Spytkowice oraz Gminne Centrum Kultury. Obchody tego wyj\u0105tkowego jubileuszu rozpocz\u0119\u0142a uroczysta msza \u015bw., na kt\u00f3r\u0105 licznie przybyli zaproszeni go\u015bcie, przedstawiciele w\u0142adz oraz delegacje gmin partnerskich, poczty sztandarowe, zespo\u0142y regionalne oraz orkiestra d\u0119ta Ochotniczej Stra\u017cy Po\u017carnej w Spytkowicach. W barwnym korowodzie przemaszerowa\u0142y delegacje wraz ze sztandarami\u00a0 Ochotniczej Stra\u017cy Po\u017carnej, Ko\u0142a \u0141owieckiego B\u00f3r, Zwi\u0105zku Podhalan odzia\u0142 Spytkowice, gminy partnerskiej Szemud, gminy Spytkowice, wszystkich szk\u00f3\u0142 ze Spytkowic oraz go\u015bcie z W\u0119gier, S\u0142owacji, Spytkowic le\u017c\u0105cych w powiecie wadowickim.\u00a0 Obecni w tak wa\u017cnym dniu dla naszej spo\u0142eczno\u015bci byli tak\u017ce pose\u0142 na sejm RP Edward Siarka, pierwszy w\u00f3jt Gminy Spytkowice Marek Wierzba obecnie radny wojew\u00f3dztwa ma\u0142opolskiego i r\u00f3wnocze\u015bnie dyrektor Szpitala w Nowym Targu, starosta powiatu nowotarskiego Krzysztof Faber, rodak Stanis\u0142aw Kracik osoba, kt\u00f3ra wspieraj\u0105c dzia\u0142ania przyczyni\u0142a si\u0119 do utworzenia Gminy Spytkowice, radni powiatu nowotarskiego Franciszek Side\u0142ko, by\u0142y w\u00f3jt gminy Spytkowice oraz Ryszard Klamerus, pracownicy urz\u0119du gminy, radni gminy wszystkich kadencji, so\u0142tysi, dyrektorzy plac\u00f3wek o\u015bwiatowych oraz w\u0142a\u015bciciele firm.<\/p>\n<p><a href=\"http:\/\/przyjaznadolinaraby.info\/2014-2020\/aktywizacja\/imprezy\/spytkowice1\/\"><img decoding=\"async\" src=\"http:\/\/przyjaznadolinaraby.info\/2014-2020\/wp-content\/uploads\/2018\/08\/Spytkowice1.jpg\" \/><\/a><\/p>\n<p><strong>FESTYNY I IMPREZY\u00a02017<\/strong><\/p>\n<p><strong>\u015awi\u0119to Bobu Skawa 06.08.2017<\/strong><\/p>\n<p>Mimo kapry\u015bnej pogody, niedzielne VI \u015awi\u0119to Bobu w Skawie, by\u0142o udan\u0105 imprez\u0105. Skawa mia\u0142a w tym roku szcz\u0119\u015bcie, bowiem dosta\u0142a w prezencie od Gminnego O\u015brodka Kultury w Rabie Wy\u017cnej dodatkow\u0105 atrakcj\u0119 &#8211; koncert zespo\u0142u Red Lips, kt\u00f3ry przyjecha\u0142 ponownie do gminy Raba Wy\u017cna po tym, jak w czerwcu nie uda\u0142o mu si\u0119 wyst\u0105pi\u0107 z powodu pogody na Festiwalu Kreatywnym. Organizatorzy przygotowali sporo atrakcji. Odby\u0142 si\u0119 koncert M\u0142odzie\u017cowej Orkiestry D\u0119tej ze Skawy, pokaz sztuki walki ze szk\u00f3\u0142ki Kingi Sm\u00f3\u0142ki, wyst\u0105pi\u0142a grupa kabaretowo-teatralna &#8222;Cyba sobie kpisz&#8221;, rozegrano konkursy np. rzutu opon\u0105 i sprawno\u015bciowe, odby\u0142 si\u0119 pokaz mody pracowni krawieckiej &#8222;Szpileczka&#8221; ze Skawy i loteria fantowa. Wszystkie atrakcje trudno wymieni\u0107. Wybrano Kr\u00f3la i Kr\u00f3low\u0105 Bobu, kt\u00f3rymi zostali Izabela Sularz ze Skawy i Marcin Kieszek z woj. mazowieckiego. Oczywi\u015bcie nie zabrak\u0142o potraw i przek\u0105sek z bobu, kt\u00f3re co roku ciesz\u0105 si\u0119 ogromn\u0105 popularno\u015bci\u0105 i szybko znikaj\u0105 z talerzy. Dla dzieci powsta\u0142a &#8222;B\u00f3bolandia&#8221; z licznymi atrakcjami jak np. malowanie twarzy, dmucha\u0144ce i liczne zabawy. Wieczorem przed publiczno\u015bci\u0105 wyst\u0105pi\u0142 zesp\u00f3\u0142 Red Lips, a \u017cywio\u0142owy koncert spotka\u0142 si\u0119 z entuzjastycznym przyj\u0119ciem. Imprez\u0119 zako\u0144czy\u0142a zabawa z zespo\u0142em Zawrotni.<\/p>\n<p><img decoding=\"async\" src=\"http:\/\/przyjaznadolinaraby.info\/2014-2020\/wp-content\/uploads\/2016\/07\/4-3.jpg\" \/>\u00a0<img decoding=\"async\" src=\"http:\/\/przyjaznadolinaraby.info\/2014-2020\/wp-content\/uploads\/2016\/07\/2-8.jpg\" \/><img decoding=\"async\" src=\"http:\/\/przyjaznadolinaraby.info\/2014-2020\/wp-content\/uploads\/2016\/07\/3-6.jpg\" \/>\u00a0<img decoding=\"async\" src=\"http:\/\/przyjaznadolinaraby.info\/2014-2020\/wp-content\/uploads\/2016\/07\/1-9.jpg\" \/><\/p>\n<p><strong>Festyn Ponice- 22.07.2017<\/strong><\/p>\n<p>W sobot\u0119 22 lipca 2017r. odby\u0142 si\u0119 festyn w Ponicach zorganizowany przez Ochotnicz\u0105 Stra\u017c Po\u017carn\u0105 w Ponicach, Stowarzyszenie Przyjazna Dolina Raby i Czarnej Orawy oraz Ko\u0142o Gospody\u0144 Wiejskich w Ponicach. Na dzieci czeka\u0142a masa atrakcji- dmuchana zje\u017cd\u017calnia, konkursy, s\u0142odycze i soczki. Dla doros\u0142ych przygotowano smacznego grilla oraz pocz\u0119stunek w postaci da\u0144 regionalnych. G\u0142\u00f3wn\u0105 atrakcj\u0105 festynu by\u0142a zabawa taneczna przy zespole muzycznym. W trakcie festynu mo\u017cna by\u0142o otrzyma\u0107 materia\u0142y reklamowe, gad\u017cety oraz ulotki promuj\u0105ce LGD. Pracownik LGD udziela\u0142 informacje o funduszach unijnych oraz o LGD i LSR. Uczestnicy imprezy mogli r\u00f3wnie\u017c zapozna\u0107 si\u0119 z efektami dzia\u0142ania LGD o kt\u00f3rych opowiadali prowadz\u0105cy imprez\u0119. <img decoding=\"async\" src=\"http:\/\/przyjaznadolinaraby.info\/2014-2020\/wp-content\/uploads\/2016\/07\/IMG_8147-1024x683.jpg\" \/><img decoding=\"async\" src=\"http:\/\/przyjaznadolinaraby.info\/2014-2020\/wp-content\/uploads\/2016\/07\/IMG_8155-1024x683.jpg\" \/><\/p>\n<p><strong>II Mi\u0119dzynarodowy Festiwal &#8222;Na pograniczu kultury w Jab\u0142once na Orawie -15-16 lipiec 2017 Jab\u0142onka<\/strong><strong>W dniu 15 lipca 2017 w Jab\u0142once odby\u0142 si\u0119<\/strong> Festiwal \u201eNa pograniczu kultur w Jab\u0142once na Orawie\u201d <strong>wsp\u00f3\u0142organizatorem imprezy by\u0142o Stowarzyszenie Przyjazna Dolina Raby i Czarnej Orawy.<\/strong><\/p>\n<p>Idea takiego muzykowania zrodzi\u0142a si\u0119 w 2016 roku podczas obchod\u00f3w 450-lecia lokacji Jab\u0142onki. Wielobarwno\u015b\u0107 stroj\u00f3w, rozmaito\u015b\u0107 melodii, r\u00f3\u017cnorodno\u015b\u0107 ta\u0144c\u00f3w pokazuje bogactwo kultur Europy. W tegorocznym festiwalu udzia\u0142 wzi\u0119li: Zesp\u00f3\u0142 Regionalny \u201eMa\u0142olipnicanie\u201d (Lipnica Ma\u0142a), Zesp\u00f3\u0142 \u201eNad Wolb\u00f3rk\u0105\u201d (Wolb\u00f3rz), Kapela \u201eZiemia Suska\u201d (Sucha Beskidzka), \u201eTibor N\u00e9meth\u201d Nagym\u00e1nyok (W\u0119gry), \u201eNebesk\u00e1 muzika\u201d Terchova (S\u0142owacja), zesp\u00f3\u0142 folkowo-etniczny \u201eKa\u0142e Ba\u0142a\u201d. Z ogromn\u0105 werw\u0105 i entuzjazmem festiwal poprowadzi\u0142 Jan \u015awidro\u0144, umiej\u0119tnie wprowadzaj\u0105c publiczno\u015b\u0107 w klimat poszczeg\u00f3lnych wyst\u0119p\u00f3w. Festiwal zako\u0144czy\u0142 si\u0119 zabaw\u0105 taneczn\u0105 dla publiczno\u015bci i uczestnik\u00f3w festiwalu. <img decoding=\"async\" src=\"http:\/\/przyjaznadolinaraby.info\/2014-2020\/wp-content\/uploads\/2016\/07\/1-7.jpg\" \/>\u00a0 <img decoding=\"async\" src=\"http:\/\/przyjaznadolinaraby.info\/2014-2020\/wp-content\/uploads\/2016\/07\/2-6.jpg\" \/><\/p>\n<p><strong>&#8222;Rabcza\u0144skie folkowanie&#8221;. 15-16 lipca 2017- Rabka-Zdr\u00f3j<\/strong><\/p>\n<p>Przez dwa dni pod muszl\u0105 odbywa\u0142y si\u0119 koncerty, wyst\u0119py, zabawy i widowisko regionalne. Sobotni\u0105 zabaw\u0119 popsu\u0142a nieco pogoda i padaj\u0105cy co jaki\u015b czas deszcz. Mimo to przez amfiteatr przewin\u0119\u0142o si\u0119 sporo ludzi, g\u0142\u00f3wnie turyst\u00f3w, kt\u00f3rzy ch\u0119tnie ogl\u0105dali regionalne wyst\u0119py. Przed publiczno\u015bci\u0105 zaprezentowa\u0142y si\u0119 m.in. zespo\u0142y regionalne Majeranki i Mali Rabianie, dzieci ze szk\u00f3\u0142ki Jakuba Rusieckiego, dudziarze Piotr i Jan Majerczyk, a na fina\u0142 wyst\u0105pili kabaret Trute\u0144 i gwiazda wieczoru -Megitza. <img decoding=\"async\" src=\"http:\/\/przyjaznadolinaraby.info\/2014-2020\/wp-content\/uploads\/2016\/07\/1-6.jpg\" \/><img decoding=\"async\" src=\"http:\/\/przyjaznadolinaraby.info\/2014-2020\/wp-content\/uploads\/2016\/07\/2-5.jpg\" \/><\/p>\n<p>G\u0142\u00f3wn\u0105 atrakcj\u0105 niedzieli by\u0142y widowisko regionalne pt. &#8222;Wesele g\u00f3ralskie&#8221;. Cz\u0142onkowie Stowarzyszenia Mi\u0142o\u015bnik\u00f3w Kultury Ludowej przedstawili prawdziwe wesele g\u00f3ralskie, ze wszystkimi jego obrz\u0119dami, podczas kt\u00f3rego wyst\u0105pili zesp\u00f3\u0142 studenci M\u0142ode Podhale\u00a0\u00a0i Staros\u0105deczanie ze Starego S\u0105cza. Potem odby\u0142 si\u0119 koncert Muzyki Karpat, zagrali Kumple Janosika i Siwy Dym. <img decoding=\"async\" src=\"http:\/\/przyjaznadolinaraby.info\/2014-2020\/wp-content\/uploads\/2016\/07\/4-2.jpg\" \/>\u00a0<img decoding=\"async\" src=\"http:\/\/przyjaznadolinaraby.info\/2014-2020\/wp-content\/uploads\/2016\/07\/3-4.jpg\" \/><\/p>\n<p>Pierwszego i drugiego dnia by\u0142o wiele okazji do zabawy, ta\u0144c\u00f3w i spr\u00f3bowania swojskiej kuchni, w tym oscypk\u00f3w z grilla, kie\u0142basek i domowych ciast. Mo\u017cna by\u0142o wzi\u0105\u0107 udzia\u0142\u00a0\u00a0w loterii fantowej z atrakcyjnymi fantami. Organizatorami imprezy byli MOK Rabka Zdr\u00f3j, Stowarzyszenie Przyjazna Dolina Raby i Czarnej Orawy oraz Stowarzyszenie Mi\u0142o\u015bnik\u00f3w Kultury Ludowej.<\/p>\n<p><strong>Sprawozdanie z 09.07.2017 Bielanka<\/strong><\/p>\n<p>W dniu 09.07.2017. odby\u0142 si\u0119 Festyn Rodzinny \u00a0organizowany przez OSP w Bielance oraz Stowarzyszenie Przyjazna Dolina Raby i Czarnej Orawy. G\u0142\u00f3wnymi atrakcjami dla mieszka\u0144c\u00f3w by\u0142y konkursy, i zabawy, dmucha\u0144ce, degustacja potraw regionalnych i wyst\u0119py zespo\u0142\u00f3w regionalnych. Imprez\u0119 mo\u017cna zaliczy\u0107 do bardzo udanych, czego najlepszym dowodem s\u0105 wspomnienia szcz\u0119\u015bliwych, u\u015bmiechni\u0119tych twarzy dzieci. Podczas imprezy dzieci i doro\u015bli mogli zapozna\u0107 si\u0119 z efektami dzia\u0142ania LGD o kt\u00f3rych opowiadali animatorzy i konferansjer. <img decoding=\"async\" src=\"http:\/\/przyjaznadolinaraby.info\/2014-2020\/wp-content\/uploads\/2016\/07\/1-10-e1503316218890.jpg\" \/>\u00a0 <img decoding=\"async\" src=\"http:\/\/przyjaznadolinaraby.info\/2014-2020\/wp-content\/uploads\/2016\/07\/2-9-e1503316258992.jpg\" \/><\/p>\n<p><strong>Festyn Rodzinny -02.07.2017- Harkabuz<\/strong><\/p>\n<p>W dniu 02.07.2017 roku w Harkabuzie odby\u0142 si\u0119 Festyn Rodzinny. Organizatorami festynu by\u0142o Stowarzyszenie Czarna Orawa, GOK Raba Wy\u017cna, Stowarzyszenie Przyjazna Dolina Raby i Czarnej Orawy.<\/p>\n<p>W programie imprezy \u00a0by\u0142y miedzy innymi: &#8211; wybory MISS WSI oraz uroczysta koronacja,<\/p>\n<p><img decoding=\"async\" src=\"http:\/\/przyjaznadolinaraby.info\/2014-2020\/wp-content\/uploads\/2016\/07\/1-3-300x225.jpg\" \/><\/p>\n<p>&#8211; animacje dla dzieci oraz fotobudka,<\/p>\n<p><img decoding=\"async\" src=\"http:\/\/przyjaznadolinaraby.info\/2014-2020\/wp-content\/uploads\/2016\/07\/2-3-e1499165359302-225x300.jpg\" \/><\/p>\n<p>-wyst\u0119p regionalnego zespo\u0142u dzieci\u0119cego\u00a0Majeranki<\/p>\n<p><img decoding=\"async\" src=\"http:\/\/przyjaznadolinaraby.info\/2014-2020\/wp-content\/uploads\/2016\/07\/3-2-300x225.jpg\" \/><\/p>\n<p>-kabaret w wykonaniu teatru \u201eChrz\u0105szcz w trzcinie\u201d<\/p>\n<p><img decoding=\"async\" src=\"http:\/\/przyjaznadolinaraby.info\/2014-2020\/wp-content\/uploads\/2016\/07\/4-1-300x225.jpg\" \/><\/p>\n<p><strong>43 \u015awi\u0119ta Pasterskiego -02.07.2017- <em>Lipnica Wielka<\/em><\/strong><\/p>\n<p>Rozpocz\u0119\u0142o si\u0119 jeszcze w strugach deszczu &#8211; Msz\u0105 \u015awi\u0119t\u0105 w O\u015brodku &#8222;G\u00f3rska Przysta\u0144&#8221; odprawion\u0105 przez Ksi\u0119dza Proboszcza Jerzego Bargiela oraz Diakona Adama Janowiaka. Po Mszy W\u00f3jt Gminy Lipnica Wielka Bogus\u0142aw Jerzy Jazowski w asy\u015bcie go\u015bci zaproszonych otworzyli 43-cie \u015awi\u0119to Pasterskie, kt\u00f3re poprowadzi\u0142a Ma\u0142gosia Paplaczyk, a cz\u0119\u015b\u0107 konkurs\u00f3w pasterskich Pan Franciszek Pindziak. Ka\u017cdy widz znalaz\u0142 dla siebie co\u015b mi\u0142ego. Mogli\u015bmy ogl\u0105da\u0107 i s\u0142ucha\u0107: Stra\u017cackiej Orkiestry D\u0119tej pod kierunkiem Pana Kapelmistrza Mariana Su\u0142kowskiego, zesp\u00f3\u0142 Orawskie Dzieci kierowany przez Teres\u0119 Baniowsk\u0105, Orawianie im. Her\u00f3dka z Eugeniuszem Karkoszk\u0105 jako kierownikiem, niezwyk\u0142y i trzymaj\u0105cy w napi\u0119ciu pokaz sztuk walki Seido-Karate UKS Seido Karate Orawa z instruktorem Damianem Kulawiakiem, Kapel\u0119 Kamraty z Sanoka, Zesp\u00f3\u0142 Majeranki z Rabki-Zdroju, czy te\u017c rozkr\u0119caj\u0105cych si\u0119 z piosenki na piosenk\u0119 i porywaj\u0105cych do ta\u0144ca przesympatycznych Boliwijczyk\u00f3w z zespo\u0142u Ahaju Fusion Bolivia. Na koniec cz\u0119\u015bci artystycznej natomiast wydarzy\u0142o si\u0119 co\u015b wyj\u0105tkowego i niespotykanego&#8230; atmosfera i wzajemna energia na koncercie Mateusza Zi\u00f3\u0142ko z Zespo\u0142em &#8211; my\u015bl\u0119 \u017ce nie do powt\u00f3rzenia w \u017cadnym innym miejscu; to co wytworzy\u0142o si\u0119 na scenie jest bardzo ci\u0119\u017ckie do opisania s\u0142owami&#8230; to tylko serce mog\u0142o poczu\u0107&#8230;\u00a0 Jak zawsze zainteresowaniem cieszy\u0142y si\u0119 Konkursy Pasterskie: wspinanie na Moja, koszenie \u0142\u0105ki, pilenie i r\u0105banie drzewa, strzelanie z bica pasterskiego. By\u0142y stoiska tw\u00f3rc\u00f3w ludowych, bacy, ksi\u0105\u017cek regionalnych, degustacji potraw Stowarzyszenia Przyjazne Dolina Raby i Czarnej Orawy przygotowane przez nasze agroturystki, zabawy i konkursu Babiog\u00f3rskiego Parku Narodowego i Nadle\u015bnictwa Nowy Targ oraz Stoisko Stowarzyszenia Rozwoju Orawy.<\/p>\n<p><img decoding=\"async\" src=\"http:\/\/przyjaznadolinaraby.info\/2014-2020\/wp-content\/uploads\/2016\/07\/4-300x203.jpg\" \/>\u00a0 <img decoding=\"async\" src=\"http:\/\/przyjaznadolinaraby.info\/2014-2020\/wp-content\/uploads\/2016\/07\/3-1-300x203.jpg\" \/><img decoding=\"async\" src=\"http:\/\/przyjaznadolinaraby.info\/2014-2020\/wp-content\/uploads\/2016\/07\/2-1-e1499160332196-300x225.jpg\" \/>\u00a0 <img decoding=\"async\" src=\"http:\/\/przyjaznadolinaraby.info\/2014-2020\/wp-content\/uploads\/2016\/07\/1-2-e1499160360158-300x225.jpg\" \/><\/p>\n<p><strong>Festyn \u201e\u015awi\u0119to miodu\u201d-25.06.2017- Spytkowice<\/strong><\/p>\n<p>25 czerwca 2017 roku w Spytkowicach po raz drugi odby\u0142 si\u0119 festyn gminny pod has\u0142em \u201e\u015awi\u0119to miodu\u201d. Pi\u0119kna, s\u0142oneczna pogoda sprzyja\u0142a wsp\u00f3lnemu \u015bwi\u0119towaniu na \u015bwie\u017cym powietrzu, wi\u0119c uczestnikami imprezy nie byli tylko\u00a0 licznie zgromadzeni mieszka\u0144cy Spytkowic, ale r\u00f3wnie\u017c okolicznych miejscowo\u015bci. Organizatorami festynu byli w\u00f3jt gminy Spytkowice Pan Ryszard Papanek oraz Gminne Centrum Kultury w Spytkowicach przy wsp\u00f3\u0142udziale Podhala\u0144skiego Zrzeszenia Pszczelarzy, Zrzeszenia Pszczelarzy Gorcza\u0144skich oraz Stowarzyszenie Przyjazna Dolina Raby i Czarnej Orawy Obchody \u201e\u015awi\u0119ta miodu\u201d rozpocz\u0105\u0142 wspania\u0142y wyst\u0119p orkiestry d\u0119tej OSP ze Spytkowic.\u00a0 Nast\u0119pnie w\u0142adze gminy uhonorowa\u0142y nagrodami oraz pami\u0105tkowymi dyplomami najzdolniejszych uczni\u00f3w szk\u00f3\u0142 podstawowych i gimnazjum za szczeg\u00f3lne osi\u0105gni\u0119cia w nauce. Tu\u017c po wr\u0119czeniu nagr\u00f3d rozpocz\u0119\u0142a si\u0119 cz\u0119\u015b\u0107 artystyczna, podczas kt\u00f3rej wyst\u0105pili: regionalny zesp\u00f3\u0142 \u201eKrzesani\u201d, dzieci z przedszkola \u201eStokrotka\u201d, grupa wokalna \u201eP\u00f3\u0142nutka\u201d, dwie grupy taneczne dzia\u0142aj\u0105ce przy GCK. W przerwach pomi\u0119dzy wyst\u0119pami prowadzono liczne prelekcje dotycz\u0105ce pszcz\u00f3\u0142, pszczelarstwa oraz zorganizowano wiele konkurs\u00f3w pszczelarskich\u00a0 z nagrodami . Podczas obchod\u00f3w tego \u015bwi\u0119ta zosta\u0142 oficjalnie rozstrzygni\u0119ty konkurs plastyczny \u201eCz\u0142owiek \u2013 Pszczo\u0142a \u2013 \u015arodowisko\u201d, w kt\u00f3rym laureatom trzech pierwszych miejsc wr\u0119czono nagrody, a pozosta\u0142ym uczestnikom upominki za udzia\u0142 w konkursie, ufundowane z programu LIFE \u201eWdra\u017canie programu ochrony powietrza dla wojew\u00f3dztwa ma\u0142opolskiego\u201d. Wszystkie wykonane przez dzieci prace mo\u017cna by\u0142o w tym dniu podziwia\u0107 na przygotowanej wystawie. Gospodynie ze Spytkowic dzi\u0119ki dofinansowaniu ze Stowarzyszenia Przyjaznej Doliny Raby i Czarnej Orawy przygotowa\u0142y degustacj\u0119 regionaln\u0105 oraz potraw miodowych.\u00a0 Natomiast na stoiskach pszczelarskich mo\u017cna by\u0142o obejrze\u0107 efekty prac pszczelarzy, zakupi\u0107 niezwykle zr\u00f3\u017cnicowane wyroby miodowe. Dla najm\u0142odszy r\u00f3wnie\u017c nie brakowa\u0142o atrakcji: bezp\u0142atne przeja\u017cd\u017cki konne, basen z pi\u0142kami, zje\u017cd\u017calnie, laserowy paintball, rzut do kosza, wata, lody w\u0142oskie, popcorn, malowanie twarzy oraz warsztaty z tkactwa i filcowania. Dzi\u0119kujemy wszystkim przyby\u0142ym za obecno\u015b\u0107, w szczeg\u00f3lno\u015bci pszczelarzom za przyj\u0119cie zaproszenia i ch\u0119\u0107 dzielenia si\u0119 z mieszka\u0144cami swoimi dobrodziejstwami, grupom wyst\u0119puj\u0105cym za mile sp\u0119dzone chwile i pi\u0119kne\u00a0 przedstawienia oraz tym, kt\u00f3rzy przyczynili si\u0119 do organizacji uroczysto\u015bci. Wszystkim obecnym na festynie dzi\u0119kujemy za przybycie i ju\u017c dzisiaj zach\u0119camy do udzia\u0142u w przysz\u0142ym roku.<\/p>\n<p><img decoding=\"async\" src=\"http:\/\/przyjaznadolinaraby.info\/2014-2020\/wp-content\/uploads\/2016\/07\/0-300x200.jpg\" \/>\u00a0<img decoding=\"async\" src=\"http:\/\/przyjaznadolinaraby.info\/2014-2020\/wp-content\/uploads\/2016\/07\/1-4-300x225.jpg\" \/><\/p>\n<p><strong>Dzie\u0144 Sportu \u201eSzukamy m\u0142odych talent\u00f3w\u201d\u00a0-20.06.2017- Rokiciny Podhala\u0144skie<\/strong><\/p>\n<p><strong>Po raz kolejny Klub Sportowy<\/strong><em> Szarotka<\/em><strong> wraz z Stowarzyszeniem Przyjazna Dolina Raby i Czarnej Orawy w Rokicinach Podhala\u0144skich zorganizowa\u0142 w dniu 20.06.2017 na swoim stadionie zawody sportowe <\/strong><em>Szukamy m\u0142odych<\/em><em>talent\u00f3w<\/em><strong>. Zawody skierowane by\u0142y do dzieci z klas I-III z gminy Raba Wy\u017cna.\u00a0<\/strong> Mali sportowcy rywalizowali w pi\u0142ce no\u017cnej, biegu sztafetowym, a tak\u017ce innych dyscyplinach lekkoatletycznych. W trakcie imprezy sportowej odby\u0142 si\u0119 pokaz lotniczy, podczas kt\u00f3rego z samolotu na p\u0142yt\u0119 boiska zrzucane by\u0142y s\u0142odycze. Medale i dyplomy wr\u0119czy\u0142 w\u00f3jt gminy Raba Wy\u017cna Pan Andrzej Dziwisz. W tegorocznej edycji uczestniczy\u0142o ponad 200 dzieci. <img decoding=\"async\" src=\"http:\/\/przyjaznadolinaraby.info\/2014-2020\/wp-content\/uploads\/2016\/07\/1-8.jpg\" \/><\/p>\n<p><img decoding=\"async\" src=\"http:\/\/przyjaznadolinaraby.info\/2014-2020\/wp-content\/uploads\/2016\/07\/2-7.jpg\" \/><\/p>\n<p><strong>Festiwal Kreatywny &#8211; 04.06.2017- <\/strong><em><strong>Raba Wy\u017cna<\/strong><\/em> Jak co roku aktywnie dzia\u0142aj\u0105cy GOK Raba Wy\u017cna przy wsparciu finansowym Stowarzyszenia Przyjazna Dolin Raby i Czarnej Orawy zorganizowa\u0142a Festiwal Kreatywny na stadionie sportowym w Rabie Wy\u017cnej. Rozpocz\u0119\u0142o si\u0119 od kolorowej i g\u0142o\u015bnej parady, kt\u00f3ra przesz\u0142a na stadion Orkana. Tu najwi\u0119cej atrakcji czeka\u0142o na dzieci, dla kt\u00f3rych przygotowano kreatywne gry, zabawy, warsztaty i pokazy. W programie by\u0142y np. gry i zabawy tradycyjne jak: zo\u015bka, ciupy, klasy itp. oraz nowoczesne takie, jak: robotyka, do\u015bwiadczenia popularnonaukowe, malowanki na du\u017cych formatach. Dzieci nie nudzi\u0142y si\u0119, bo co rusz mog\u0142y wzi\u0105\u0107 udzia\u0142 w czym\u015b ciekawym. Doro\u015bli rozsiedli si\u0119 w ogromnym namiocie, kt\u00f3ry stan\u0105\u0142 na p\u0142ycie stadionu klubu Orkana i ogl\u0105dali wyst\u0119py na scenie. Anna Piaskowy, dyrektor Gminnego O\u015brodka Kultury w Rabie Wy\u017cnej, kt\u00f3ry by\u0142 organizatorem imprezy, dopilnowa\u0142a, by ka\u017cdy znalaz\u0142 co\u015b dla siebie.<\/p>\n<p><img decoding=\"async\" src=\"http:\/\/przyjaznadolinaraby.info\/2014-2020\/wp-content\/uploads\/2016\/07\/Festyn-raba-1-300x200.jpg\" \/><\/p>\n<p><img decoding=\"async\" src=\"http:\/\/przyjaznadolinaraby.info\/2014-2020\/wp-content\/uploads\/2016\/07\/Festyn-raba-4-300x200.jpg\" \/><\/p>\n<p><strong>Festyn Rodzinny-28.05.2017- <em>Bielanka<\/em><\/strong><\/p>\n<p>W dniu 28.05.2017 odby\u0142 si\u0119 Festyn Rodzinny \u00a0organizowany przez Szko\u0142\u0119 Podstawow\u0105 w Bielance oraz Stowarzyszenie Przyjazna Dolina Raby i Czarnej Orawy. G\u0142\u00f3wnymi atrakcjami dla mieszka\u0144c\u00f3w by\u0142y konkursy, i zabawy, dmucha\u0144ce. Imprez\u0119 mo\u017cna zaliczy\u0107 do bardzo udanych, czego najlepszym dowodem s\u0105 wspomnienia szcz\u0119\u015bliwych, u\u015bmiechni\u0119tych twarzy dzieci. Podczas imprezy dzieci i doro\u015bli mogli zapozna\u0107 si\u0119 z efektami dzia\u0142ania LGD o kt\u00f3rych opowiadali animatorzy i konferansjer.<\/p>\n<p><img decoding=\"async\" src=\"http:\/\/przyjaznadolinaraby.info\/2014-2020\/wp-content\/uploads\/2016\/07\/festyn-bielanka-1-225x300.jpg\" \/><\/p>\n<p><img decoding=\"async\" src=\"http:\/\/przyjaznadolinaraby.info\/2014-2020\/wp-content\/uploads\/2016\/07\/festyn-bielanka-2-225x300.jpg\" \/><\/p>\n<p><img decoding=\"async\" src=\"http:\/\/przyjaznadolinaraby.info\/2014-2020\/wp-content\/uploads\/2016\/07\/festyn-bielanka-3-225x300.jpg\" \/><\/p>\n<p><strong>FESTYNY I IMPREZY\u00a02016<\/strong><\/p>\n<p><strong>Dzie\u0144 Sportu \u201eSzukamy m\u0142odych talent\u00f3w\u201d \u2013 15.06.16r. &#8211; <em>Rokiciny Podhala\u0144skie<\/em><\/strong><\/p>\n<p>Po raz czwarty Klub Sportowy<em> Szarotka<\/em> wraz z Stowarzyszeniem Przyjazna Dolina Raby\u00a0\u00a0i Czarnej Orawy w Rokicinach Podhala\u0144skich zorganizowa\u0142 w dniu 15.06.2016 na swoim stadionie zawody sportowe <em>Szukamy m\u0142odych<\/em><em>talent\u00f3w<\/em><strong>.\u00a0 <\/strong>Mali sportowcy rywalizowali w pi\u0142ce no\u017cnej, biegu sztafetowym, a tak\u017ce innych dyscyplinach lekkoatletycznych. W trakcie imprezy sportowej odby\u0142 si\u0119 pokaz lotniczy, podczas kt\u00f3rego\u00a0z samolotu na p\u0142yt\u0119 boiska zrzucane by\u0142y s\u0142odycze. <img decoding=\"async\" src=\"http:\/\/przyjaznadolinaraby.info\/2014-2020\/wp-content\/uploads\/2016\/07\/Rokiciny-1024x640.jpg\" \/><\/p>\n<p><strong>V Kiermasz Sztuki na Orawie w ramach obchod\u00f3w 450-lecia Jab\u0142onki- <\/strong><strong><em>13.07.2016r. &#8211; Jab\u0142onka <\/em><\/strong><\/p>\n<p>W \u015brod\u0119 13.07.16r. obok Urz\u0119du Gminy w Jab\u0142once zorganizowany zosta\u0142 kiermasz sztuki ludowej. Swoj\u0105 tw\u00f3rczo\u015b\u0107 zaprezentowali arty\u015bci orawscy, ale by\u0142a to tak\u017ce okazja do degustacji smako\u0142yk\u00f3w przygotowanych przez ga\u017adziny spod Babiej G\u00f3ry oraz Gospodynie Wiejskie z Raby Wy\u017cnej wspierane przez Stowarzyszenie Przyjazna Dolina Raby i Czarnej Orawy. Bazar by\u0142 cz\u0119\u015bci\u0105 obchod\u00f3w jubileuszu 450-lecia Jab\u0142onki. Przedstawicielka Stowarzyszenia Przyjazna Dolina Raby i Czarnej Orawy rozdawa\u0142a gad\u017cety promocyjne, ksi\u0105\u017cki oraz udziela\u0142a informacji o funduszach unijnych. Furor\u0119 zrobi\u0142a degustacja potraw regionalnych przygotowanych przez Ko\u0142o Gospody\u0144 Wiejskich z Raby Wy\u017cnej. <img decoding=\"async\" src=\"http:\/\/przyjaznadolinaraby.info\/2014-2020\/wp-content\/uploads\/2016\/07\/jablonka-1024x576.jpg\" \/><\/p>\n<p><strong>Festyn Rodzinny-24.07.2016- <em>Bielanka<\/em><\/strong><\/p>\n<p>W dniu 24.07.2016. odby\u0142 si\u0119 Festyn Rodzinny \u00a0organizowany przez OSP w Bielance oraz Stowarzyszenie Przyjazna Dolina Raby i Czarnej Orawy. G\u0142\u00f3wnymi atrakcjami dla mieszka\u0144c\u00f3w by\u0142y konkursy, i zabawy, dmucha\u0144ce, degustacja potraw regionalnych\u00a0i wyst\u0119py zespo\u0142\u00f3w regionalnych. Imprez\u0119 by\u0142a bardzo udana, czego najlepszym dowodem s\u0105 wspomnienia szcz\u0119\u015bliwych, u\u015bmiechni\u0119tych twarzy dzieci. Podczas imprezy dzieci i doro\u015bli mogli zapozna\u0107 si\u0119 z efektami dzia\u0142ania LGD o kt\u00f3rych opowiadali animatorzy i konferansjer.<\/p>\n<p><img decoding=\"async\" src=\"http:\/\/przyjaznadolinaraby.info\/2014-2020\/wp-content\/uploads\/2016\/07\/bielanka-1024x640.jpg\" \/><\/p>\n<p><strong>Festynu \u201ePonice Regionalnie\u201d- 31.07.2016 r. &#8211; <em>Ponice<\/em><\/strong><\/p>\n<p>W niedziel\u0119 31 lipca 2016r. odby\u0142 si\u0119 festyn pod nazw\u0105 \u201ePonice Regionalnie\u201d. Stowarzyszenie \u201ePoni\u2026ce do k\u0142\u0119bka\u201d \u015bwi\u0119towa\u0142o dziesi\u0119ciolecie swojej dzia\u0142alno\u015bci. MKoc atrakcji czeka\u0142a podczas X ju\u017c edycji festynu regionalnego. Zorganizowano wystaw\u0119 \u201ePowr\u00f3\u0107my jak za dawnych lat\u2026\u201d, obrazuj\u0105c\u0105 dorobek Stowarzyszenia \u201ePoni\u2026ce do k\u0142\u0119bka\u201d. Podczas festynu wyst\u0105pi\u0142 zesp\u00f3\u0142 regionalny Prymni. Publiczno\u015b\u0107 nagrodzi\u0142a wyst\u0119p brawami. Potem uczestnicy festynu brali udzia\u0142 w licznych konkursach. Do zabawy tanecznej przygrywa\u0142 zesp\u00f3\u0142 muzyczny Zawrotni. Du\u017cym powodzeniem cieszy\u0142a si\u0119 fotobudka(Rozrywkowa Budka). Ka\u017cdy m\u00f3g\u0142 skorzysta\u0107 z zabawnych gad\u017cet\u00f3w i tabliczek (m.in. promuj\u0105cych LGD i fundusze\u00a0 unijne), sfotografowa\u0107 si\u0119 i\u00a0 wklei\u0107 zdj\u0119cie do pami\u0105tkowej ksi\u0119gi. W trakcie festynu mo\u017cna by\u0142o otrzyma\u0107 materia\u0142y reklamowe, gad\u017cety oraz ksi\u0105\u017cki, na stoisku Stowarzyszenia Przyjaznej Doliny Raby i Czarnej Orawy, kt\u00f3re by\u0142o wsp\u00f3\u0142organizatorem imprezy. Pracownik LGD udziela\u0142 informacje o funduszach unijnych oraz o LGD i LSR. Zarz\u0105d Stowarzyszenia \u201ePoni\u2026ce do k\u0142\u0119bka\u201d przygotowa\u0142 pisemne podzi\u0119kowania dla instytucji oraz os\u00f3b, z kt\u00f3rymi\u00a0Stowarzyszenie mia\u0142o przyjemno\u015b\u0107 wsp\u00f3\u0142pracowa\u0107 w ci\u0105gu tych dziesi\u0119ciu lat m.in.\u00a0 takie podzi\u0119kowanie odebra\u0142 wiceprezes Stowarzyszenia Przyjaznej Doliny Raby i Czarnej Orawy Pan Ryszard Traczyk.<\/p>\n<p><img decoding=\"async\" src=\"http:\/\/przyjaznadolinaraby.info\/2014-2020\/wp-content\/uploads\/2016\/07\/ponice-1024x576.jpg\" \/><\/p>\n<p><strong>V \u015awi\u0119to Bobu- 07.08.2016 \u2013 Skawa<\/strong><\/p>\n<p>Na V \u015awi\u0119to Bobu organizatorzy przygotowali bardzo du\u017co atrakcji. Po raz pierwszy wybrano Kr\u00f3low\u0105 Bobu. Tradycyjnie, miejscowe gospodynie przygotowa\u0142y potrawy i przek\u0105ski z bobu. Najwi\u0119kszym wzi\u0119ciem cieszy\u0142y si\u0119 pierogi, paszteciki, talarki i smalec. Dla dzieci i doros\u0142ych zorganizowano liczne konkursy m.in. malowanie twarzy, rzut opon\u0105, pi\u0142owanie drewna. By\u0142 przygotowany pokaz mody przygotowany prze z pracownie ze Skawy. Przed publiczno\u015bci\u0105 wyst\u0105pi\u0142 kabarte Trute\u0144, grupa taneczna Fresh Crew, kabaret Teka z Osielca. Widowiskow\u0105 atrakcj\u0105 by\u0142 wieczorny pokaz Laser Show.<\/p>\n<p><img decoding=\"async\" src=\"http:\/\/przyjaznadolinaraby.info\/2014-2020\/wp-content\/uploads\/2016\/07\/skawa-swi\u0119to-bobu-1024x640.jpg\" \/><\/p>\n<p><strong>Festyn Rodzinny, 07.08.2016 roku- <em>Chab\u00f3wka<\/em><\/strong><\/p>\n<p>Jak co roku aktywnie dzia\u0142aj\u0105ca Rada Parafialna przy ko\u015bciele w Chab\u00f3wce przy wsparciu finansowym Stowarzyszenia Przyjazna Dolin Raby i Czarnej Orawy zorganizowa\u0142a Festyn Rodzinny na stadionie sportowym. Najwi\u0119kszym zainteresowaniem cieszy\u0142o si\u0119 stoisko z potrawami regionalnymi przygotowanymi przez panie z Ko\u0142a Gospody\u0144 Wiejskich.\u00a0 W dalszej cz\u0119\u015bci programu odby\u0142y si\u0119 dwa konkursy sportowe. Nagrody dla zwyci\u0119zc\u00f3w zosta\u0142y ufundowane przez Stowarzyszenie Przyjazna Dolina Raby i Czarnej Orawy. Po konkursach przysz\u0142a kolej na jedn\u0105 z g\u0142\u00f3wnych atrakcji czyli wyst\u0119p dzieci\u0119cego zespo\u0142u Majeranki. Imprez\u0119 zako\u0144czy\u0142a zabawa taneczna z zespo\u0142em \u201eWAKS\u201d. <img decoding=\"async\" src=\"http:\/\/przyjaznadolinaraby.info\/2014-2020\/wp-content\/uploads\/2016\/07\/Chab\u00f3wka-1024x576.jpg\" \/><\/p>\n<p><strong>\u015awi\u0119to Rabcza\u0144skiej Solanki i Festyn z G\u00f3ralami-<\/strong><strong>13.08.2016 r.- <em>Rabka-Zdr\u00f3j<\/em><\/strong><\/p>\n<p>W sobot\u0119 13 sierpnia 2016r. w rabcza\u0144skim Amfiteatrze odby\u0142\u00a0 si\u0119 Festyn z G\u00f3ralami. Impreza mia\u0142a przede wszystkim za zadanie zabawi\u0107 wypoczywaj\u0105cych w uzdrowisku i okolicy turyst\u00f3w, wczasowicz\u00f3w i kuracjuszy oraz zapozna\u0107 ich z kultur\u0105 g\u00f3ralsk\u0105 a tak\u017ce zaktywizowa\u0107 spo\u0142eczno\u015b\u0107 zamieszkuj\u0105c\u0105 pobliski region. I tak te\u017c si\u0119 sta\u0142o. Uczestnicy ch\u0119tnie brali udzia\u0142 w konkursach-przeci\u0105gania liny czy ubijania mas\u0142a w s\u0142oiku. Gwiazd\u0105 wieczoru by\u0142 zesp\u00f3\u0142 Baciary, kt\u00f3ry da\u0142 \u015bwietny koncert i zgromadzi\u0142 w amfiteatrze t\u0142umy fan\u00f3w. Wyst\u0119p by\u0142 wsp\u00f3\u0142finansowany przez promuj\u0105ce Stowarzyszenie Przyjazna Dolina Raby i Czarnej Orawy. W trakcie festynu mo\u017cna by\u0142o otrzyma\u0107 materia\u0142y reklamowe- ulotki, oraz gad\u017cety promuj\u0105ce Stowarzyszenie Przyjazna Dolina Raby i Czarnej Orawy, kt\u00f3re by\u0142o wsp\u00f3\u0142organizatorem imprezy. Tego samego dnia odby\u0142 si\u0119 pierwszy dzie\u0144 \u015awi\u0119ta Solanki. Celem \u015awi\u0119ta Rabcza\u0144skiej Solanki jest\u00a0 promocja zdrowia, urody i aktywnego wypoczynku, a tak\u017ce: kultury i tradycji regionu<strong>. <\/strong>Podczas tegorocznego\u00a0 \u015bwi\u0119ta mo\u017cna by\u0142o pozna\u0107 najwi\u0119ksze walory uzdrowiska. Dla najm\u0142odszych przygotowano Dzieci\u0119cy Raj Zabawy z grami i konkursami. Podsumowaniem imprezy a zarazem elementem \u0142\u0105cz\u0105cym obie imprezy by\u0142 znakomity koncert zespo\u0142u Baciary- wsp\u00f3\u0142finansowany przez Stowarzyszenie Przyjazna Dolina Raby i Czarnej Orawy. \u00a0LGD przekaza\u0142o\u00a0 r\u00f3wnie\u017c gad\u017cety promuj\u0105ce stowarzyszenie. <img decoding=\"async\" src=\"http:\/\/przyjaznadolinaraby.info\/2014-2020\/wp-content\/uploads\/2016\/07\/rabka-1024x576.jpg\" \/><\/p>\n<p><strong>Festyn Rodzinny-14.08.2016- <em>Podsarnie<\/em><\/strong><\/p>\n<p>W dniu 14.08.2016. odby\u0142 si\u0119 Festyn organizowany przez OSP w Podsarniu oraz Stowarzyszenie Przyjazna Dolina Raby i Czarnej Orawy. G\u0142\u00f3wnymi atrakcjami dla mieszka\u0144c\u00f3w by\u0142y konkursy i zabawy, dmucha\u0144ce, degustacja potraw regionalnych wyst\u0119py zespo\u0142\u00f3w regionalnych. <img decoding=\"async\" src=\"http:\/\/przyjaznadolinaraby.info\/2014-2020\/wp-content\/uploads\/2016\/07\/podsarnie-1024x640.jpg\" \/><\/p>\n<p><strong>Do\u017cynki Gminne-21.08.2016- Spytkowice<\/strong><\/p>\n<p>Jak co roku przy wsp\u00f3\u0142organizacji Stowarzyszenia Przyjazna Dolina Raby i Czarnej Orawy odby\u0142y si\u0119 Do\u017cynki Gminne w Spytkowicach. Pomimo niekorzystnej aury wzi\u0119\u0142o w nich udzia\u0142 wiele os\u00f3b. Uroczysto\u015bci do\u017cynkowe rozpocz\u0119\u0142y si\u0119 tradycyjnie przekazaniem wie\u0144ca i chleba do\u017cynkowego w\u0142adzom gminy. Cz\u0119\u015b\u0107 artystyczn\u0105 rozpocz\u0105\u0142\u00a0 koncert orkiestry ze Spytkowic, a zaraz po nich wyst\u0105pi\u0142 zesp\u00f3\u0142 Krzesani,\u00a0 taneczna z GCK Spytkowice, za\u015bpiewa\u0142a Paulina Majchrzak oraz animatorzy z programem Bajkowy Kogle Mogel zagrzewali najm\u0142odszych uczestnik\u00f3w festynu\u00a0 do wsp\u00f3lnej zabawy.\u00a0 Gwiazd\u0105 wieczoru by\u0142 zesp\u00f3\u0142 Gooroleska, na kt\u00f3rego koncert przyby\u0142o wielu mi\u0142o\u015bnik\u00f3w muzyki, natomiast\u00a0 na koniec do wsp\u00f3lnej zabawy tanecznej zach\u0119ca \u0142 i przygrywa\u0142\u00a0 zesp\u00f3\u0142\u00a0 Elegancko. Gospodynie ze Spytkowic dzi\u0119ki dofinansowaniu ze Stowarzyszenia Przyjaznej Doliny Raby i Czarnej Orawy przygotowa\u0142y degustacj\u0119 regionaln\u0105, stoisko to cieszy\u0142o si\u0119 najwi\u0119kszym zainteresowaniem. Ponadto Stowarzyszenie Przyjazna Dolina Raby i Czarnej Orawy sfinansowa\u0142o animator\u00f3w, s\u0142odycze dla dzieci oraz zaplecze sanitarne. <img decoding=\"async\" src=\"http:\/\/przyjaznadolinaraby.info\/2014-2020\/wp-content\/uploads\/2016\/07\/Spytkowice-1024x640.jpg\" \/><strong>Do\u017cynki\u00a0 Gminne \u015awi\u0119to Chleba- 11. 09.2016- <em>Lipnica Wielka \/Murowanica<\/em><\/strong><\/p>\n<p>W dniu 11 wrze\u015bnia 2016 odby\u0142y si\u0119 Festyn Rodzinny Do\u017cynki Gminne &#8211; \u015awi\u0119to Chleba organizowane przez gmin\u0119 Lipnica Wielka , so\u0142tysa i rad\u0119 so\u0142eck\u0105 so\u0142ectwa Murowanica, GCK w Lipnicy Wielkiej, oraz Stowarzyszenie Przyjazna Dolina Raby i Czarnej Orawy. G\u0142\u00f3wnymi atrakcjami dla mieszka\u0144c\u00f3w by\u0142y konkursy, zabawy, dmucha\u0144ce, degustacja potraw regionalnych i wyst\u0119py zespo\u0142\u00f3w regionalnych. Podczas imprezy dzieci i doro\u015bli mogli zapozna\u0107 si\u0119 z efektami dzia\u0142ania LGD o kt\u00f3rych opowiadali animatorzy i konferansjer. <img decoding=\"async\" src=\"http:\/\/przyjaznadolinaraby.info\/2014-2020\/wp-content\/uploads\/2016\/07\/Lipnica-1024x640.jpg\" \/><\/p>\n<p><strong>Impreza regionalna Kultura i tradycja Starsi-M\u0142odym- 16.10.2016r. \u2013 <em>Raba Wy\u017cna<\/em><\/strong><\/p>\n<p>W dniu 16.10.2016. odby\u0142o si\u0119 spotkanie regionalne organizowane przez \u00a0Stowarzyszenie Aktywni Rabianie oraz Stowarzyszenie Przyjazna Dolina Raby i Czarnej Orawy. G\u0142\u00f3wnymi atrakcjami dla mieszka\u0144c\u00f3w by\u0142y wyst\u0119py tw\u00f3rc\u00f3w ludowych, wyst\u0119p zespo\u0142u g\u00f3ralskiego, degustacja potraw regionalnych, oraz konkurs w skubaniu pierza. <img decoding=\"async\" src=\"http:\/\/przyjaznadolinaraby.info\/2014-2020\/wp-content\/uploads\/2016\/07\/impreza-raba-1024x640.jpg\" \/><\/p>\n<p>Du\u017ce zainteresowanie w\u015br\u00f3d mieszka\u0144c\u00f3w i go\u015bci wywo\u0142a\u0142a fotobudka, w kt\u00f3rej mo\u017cna by\u0142o wykona\u0107 i otrzyma\u0107 bezp\u0142atn\u0105 poczt\u00f3wk\u0119 Spytkowic ze swym zabawnym wizerunkiem. Wszyscy uczestnicy festynu mogli skosztowa\u0107 bigos, dro\u017cd\u017c\u00f3wk\u0119 i chleb ze smalcem. Pocz\u0119stunek przygotowany zosta\u0142 przez Gospodynie ze Spytkowic. Ponadto ka\u017cdy otrzymywa\u0142 drobne upominki, w tym lizaki, d\u0142ugopisy i breloczki. Degustacja potraw regionalnych oraz upominki ufundowane zosta\u0142y przez Urz\u0105d Gminy Spytkowice, a nad ca\u0142o\u015bci\u0105 czuwa\u0142a pr\u0119\u017cnie dzia\u0142aj\u0105ca Rada Gminy Spytkowice. Zaproszonym go\u015bciom wr\u0119czono r\u00f3wnie\u017c specjalnie przygotowany z okazji 20-lecia Gminy Spytkowice folder oraz drobne upominki nawi\u0105zuj\u0105ce do tego wydarzenia.<\/p>\n","protected":false},"excerpt":{"rendered":"<p>FESTYNY I IMPREZY 2019 XXI Gminne Do\u017cynki \u2013 \u015awi\u0119to Chleba,09.09.2019, Lipnica Wielka. Gospodarzem tegorocznych do\u017cynek by\u0142o So\u0142ectwo Przywar\u00f3wka, a organizatorami W\u00f3jt Gminy Lipnica Wielka Mateusz Lichosyt, So\u0142tys So\u0142ectwa Przywar\u00f3wka J\u00f3zef Karkoszka wraz z Rad\u0105 So\u0142eck\u0105 oraz Gminne Centrum Kultury w Lipnicy Wielkiej i Stowarzyszenie Przyjazna Dolina Raby i Czarnej Orawy. W programie artystycznym na scenie <a href=\"https:\/\/przyjaznadolinaraby.info\/2014-2020\/aktywizacja\/imprezy\/\" class=\"more-link\">&#8230;<span class=\"screen-reader-text\">  Imprezy<\/span><\/a><\/p>\n","protected":false},"author":6,"featured_media":0,"parent":121,"menu_order":2,"comment_status":"closed","ping_status":"closed","template":"","meta":{"_monsterinsights_skip_tracking":false,"_monsterinsights_sitenote_active":false,"_monsterinsights_sitenote_note":"","_monsterinsights_sitenote_category":0,"footnotes":""},"tags":[],"acf":[],"_links":{"self":[{"href":"https:\/\/przyjaznadolinaraby.info\/2014-2020\/wp-json\/wp\/v2\/pages\/141"}],"collection":[{"href":"https:\/\/przyjaznadolinaraby.info\/2014-2020\/wp-json\/wp\/v2\/pages"}],"about":[{"href":"https:\/\/przyjaznadolinaraby.info\/2014-2020\/wp-json\/wp\/v2\/types\/page"}],"author":[{"embeddable":true,"href":"https:\/\/przyjaznadolinaraby.info\/2014-2020\/wp-json\/wp\/v2\/users\/6"}],"replies":[{"embeddable":true,"href":"https:\/\/przyjaznadolinaraby.info\/2014-2020\/wp-json\/wp\/v2\/comments?post=141"}],"version-history":[{"count":3,"href":"https:\/\/przyjaznadolinaraby.info\/2014-2020\/wp-json\/wp\/v2\/pages\/141\/revisions"}],"predecessor-version":[{"id":9989,"href":"https:\/\/przyjaznadolinaraby.info\/2014-2020\/wp-json\/wp\/v2\/pages\/141\/revisions\/9989"}],"up":[{"embeddable":true,"href":"https:\/\/przyjaznadolinaraby.info\/2014-2020\/wp-json\/wp\/v2\/pages\/121"}],"wp:attachment":[{"href":"https:\/\/przyjaznadolinaraby.info\/2014-2020\/wp-json\/wp\/v2\/media?parent=141"}],"wp:term":[{"taxonomy":"post_tag","embeddable":true,"href":"https:\/\/przyjaznadolinaraby.info\/2014-2020\/wp-json\/wp\/v2\/tags?post=141"}],"curies":[{"name":"wp","href":"https:\/\/api.w.org\/{rel}","templated":true}]}}